{"id":10717,"date":"2019-07-25T13:11:50","date_gmt":"2019-07-25T11:11:50","guid":{"rendered":"https:\/\/covera.be\/over-ons\/"},"modified":"2025-09-23T10:07:07","modified_gmt":"2025-09-23T08:07:07","slug":"a-propos-de-nous-2","status":"publish","type":"page","link":"https:\/\/covera.be\/fr\/a-propos-de-nous-2\/","title":{"rendered":"\u00c0 propos de nous"},"content":{"rendered":"<h6>Shaping your story.<\/h6>\n<p><strong>Chez Covera Packaging, nous consid\u00e9rons qu&#8217;un emballage est bien plus qu&#8217;un simple contenant. C&#8217;est le d\u00e9but d&#8217;une histoire : celle de votre produit, de vos processus, de votre marque et de l&#8217;exp\u00e9rience de vos clients. Nous vous aidons \u00e0 raconter votre histoire unique gr\u00e2ce \u00e0 des solutions d&#8217;emballage adapt\u00e9es \u00e0 vos ambitions. <\/strong><\/p>\n<a href=\"https:\/\/covera.be\/fr\/contact\/\" class=\"btn btn-orange-full\" target=\"_self\">Posez-nous votre question<\/a>\n<p>&nbsp;<\/p>\n<h2>Votre partenaire fiable en mati\u00e8re d&#8217;emballage depuis 1946<\/h2>\n<p><a href=\"https:\/\/covera.be\/wp-content\/uploads\/2022\/03\/Covera-verleden.jpg\"><img loading=\"lazy\" decoding=\"async\" class=\"alignnone wp-image-3903\" src=\"https:\/\/covera.be\/wp-content\/uploads\/2022\/03\/Covera-verleden-300x207.jpg\" alt=\"\" width=\"1370\" height=\"945\" srcset=\"https:\/\/covera.be\/wp-content\/uploads\/2022\/03\/Covera-verleden-300x207.jpg 300w, https:\/\/covera.be\/wp-content\/uploads\/2022\/03\/Covera-verleden-620x428.jpg 620w, https:\/\/covera.be\/wp-content\/uploads\/2022\/03\/Covera-verleden-400x276.jpg 400w, https:\/\/covera.be\/wp-content\/uploads\/2022\/03\/Covera-verleden-80x55.jpg 80w, https:\/\/covera.be\/wp-content\/uploads\/2022\/03\/Covera-verleden-600x414.jpg 600w, https:\/\/covera.be\/wp-content\/uploads\/2022\/03\/Covera-verleden.jpg 665w\" sizes=\"auto, (max-width: 1370px) 100vw, 1370px\" \/><\/a><\/p>\n<p>Covera Packaging a d\u00e9but\u00e9 comme une entreprise familiale \u00e0 Anvers sous le nom de Comptoir Verrier Anversois. Au cours de ses premi\u00e8res ann\u00e9es, l&#8217;entreprise fournissait principalement des bocaux en verre aux conserveurs de poisson des quais anversois. L&#8217;arriv\u00e9e du plastique dans les ann\u00e9es 1960 a marqu\u00e9 une \u00e9tape importante dans notre croissance. En adoptant rapidement cette innovation, nous avons pu servir non seulement l&#8217;industrie alimentaire, mais aussi de nombreux autres secteurs, comme la chimie, la pharmacie et les cosm\u00e9tiques. Aujourd&#8217;hui, nous sommes un &#8216;one-stop-shop&#8217; de premier plan pour les emballages dans diverses industries et nous livrons dans le monde entier. Notre march\u00e9 principal se trouve au Benelux et dans le nord de la France.<\/p>\n<p>&nbsp;<\/p>\n<h3>Durabilit\u00e9 et partenariat<\/h3>\n<p>Nous accordons une grande importance \u00e0 une utilisation rationnelle et durable des emballages. C&#8217;est la raison pour laquelle nous partageons volontiers nos connaissances et notre exp\u00e9rience dans ce domaine avec notre r\u00e9seau. Vous pouvez nous contacter pour obtenir des conseils sur les mat\u00e9riaux les plus durables, qui font partie int\u00e9grante de notre offre. Pour r\u00e9duire notre empreinte \u00e9cologique et construire des relations solides, nous collaborons principalement avec des fabricants europ\u00e9ens. Ce partenariat profite \u00e0 la fois \u00e0 nos clients et \u00e0 nous-m\u00eames, car il nous permet de garantir que nos emballages r\u00e9pondent aux normes de qualit\u00e9 les plus \u00e9lev\u00e9es.<\/p>\n<p>&nbsp;<\/p>\n<h6>Nous pensons en termes d&#8217;emballages.<br \/>\nVous le ressentez dans notre service<\/h6>\n","protected":false},"excerpt":{"rendered":"<p>Shaping your story. Chez Covera Packaging, nous consid\u00e9rons qu&#8217;un emballage est bien plus qu&#8217;un simple contenant. C&#8217;est le d\u00e9but d&#8217;une histoire : celle de votre produit, de vos processus, de votre marque et de l&#8217;exp\u00e9rience de vos clients. Nous vous aidons \u00e0 raconter votre histoire unique gr\u00e2ce \u00e0 des solutions d&#8217;emballage adapt\u00e9es \u00e0 vos ambitions. &nbsp; Votre partenaire fiable en mati\u00e8re d&#8217;emballage depuis 1946 Covera Packaging a d\u00e9but\u00e9 comme une entreprise familiale \u00e0 Anvers sous le nom de Comptoir Verrier Anversois. Au cours de ses premi\u00e8res ann\u00e9es, l&#8217;entreprise fournissait principalement des bocaux en verre aux conserveurs de poisson des quais anversois. L&#8217;arriv\u00e9e du plastique dans les ann\u00e9es 1960 a marqu\u00e9 une \u00e9tape importante dans notre croissance. En adoptant rapidement cette innovation, nous avons pu servir non seulement l&#8217;industrie alimentaire, mais aussi de nombreux autres secteurs, comme la chimie, la pharmacie et les cosm\u00e9tiques. Aujourd&#8217;hui, nous sommes un &#8216;one-stop-shop&#8217; de premier plan pour les emballages dans diverses industries et nous livrons dans le monde entier. Notre march\u00e9 principal se trouve au Benelux et dans le nord de la France. &nbsp; Durabilit\u00e9 et partenariat Nous accordons une grande importance \u00e0 une utilisation rationnelle et durable des emballages. C&#8217;est la raison pour laquelle<\/p>\n","protected":false},"author":4,"featured_media":0,"parent":0,"menu_order":0,"comment_status":"closed","ping_status":"closed","template":"page-about.php","meta":{"_acf_changed":false,"footnotes":""},"class_list":["post-10717","page","type-page","status-publish","hentry"],"acf":[],"yoast_head":"<!-- This site is optimized with the Yoast SEO plugin v28.1 - https:\/\/yoast.com\/product\/yoast-seo-wordpress\/ -->\n<title>\u00c0 propos de nous - Covera Packaging<\/title>\n<meta name=\"robots\" content=\"index, follow, max-snippet:-1, max-image-preview:large, max-video-preview:-1\" \/>\n<link rel=\"canonical\" href=\"https:\/\/covera.be\/fr\/a-propos-de-nous-2\/\" \/>\n<meta property=\"og:locale\" content=\"fr_FR\" \/>\n<meta property=\"og:type\" content=\"article\" \/>\n<meta property=\"og:title\" content=\"\u00c0 propos de nous - Covera Packaging\" \/>\n<meta property=\"og:description\" content=\"Shaping your story. Chez Covera Packaging, nous consid\u00e9rons qu&#8217;un emballage est bien plus qu&#8217;un simple contenant. C&#8217;est le d\u00e9but d&#8217;une histoire : celle de votre produit, de vos processus, de votre marque et de l&#8217;exp\u00e9rience de vos clients. Nous vous aidons \u00e0 raconter votre histoire unique gr\u00e2ce \u00e0 des solutions d&#8217;emballage adapt\u00e9es \u00e0 vos ambitions. &nbsp; Votre partenaire fiable en mati\u00e8re d&#8217;emballage depuis 1946 Covera Packaging a d\u00e9but\u00e9 comme une entreprise familiale \u00e0 Anvers sous le nom de Comptoir Verrier Anversois. Au cours de ses premi\u00e8res ann\u00e9es, l&#8217;entreprise fournissait principalement des bocaux en verre aux conserveurs de poisson des quais anversois. L&#8217;arriv\u00e9e du plastique dans les ann\u00e9es 1960 a marqu\u00e9 une \u00e9tape importante dans notre croissance. En adoptant rapidement cette innovation, nous avons pu servir non seulement l&#8217;industrie alimentaire, mais aussi de nombreux autres secteurs, comme la chimie, la pharmacie et les cosm\u00e9tiques. Aujourd&#8217;hui, nous sommes un &#8216;one-stop-shop&#8217; de premier plan pour les emballages dans diverses industries et nous livrons dans le monde entier. Notre march\u00e9 principal se trouve au Benelux et dans le nord de la France. &nbsp; Durabilit\u00e9 et partenariat Nous accordons une grande importance \u00e0 une utilisation rationnelle et durable des emballages. C&#8217;est la raison pour laquelle\" \/>\n<meta property=\"og:url\" content=\"https:\/\/covera.be\/fr\/a-propos-de-nous-2\/\" \/>\n<meta property=\"og:site_name\" content=\"Covera Packaging\" \/>\n<meta property=\"article:publisher\" content=\"https:\/\/www.facebook.com\/Covera-Packaging-NV-494619153987806\/\" \/>\n<meta property=\"article:modified_time\" content=\"2025-09-23T08:07:07+00:00\" \/>\n<meta property=\"og:image\" content=\"https:\/\/covera.be\/wp-content\/uploads\/2022\/03\/Covera-verleden.jpg\" \/>\n\t<meta property=\"og:image:width\" content=\"665\" \/>\n\t<meta property=\"og:image:height\" content=\"459\" \/>\n\t<meta property=\"og:image:type\" content=\"image\/jpeg\" \/>\n<meta name=\"twitter:card\" content=\"summary_large_image\" \/>\n<meta name=\"twitter:label1\" content=\"Est. reading time\" \/>\n\t<meta name=\"twitter:data1\" content=\"3 minutes\" \/>\n<script type=\"application\/ld+json\" class=\"yoast-schema-graph\">{\"@context\":\"https:\\\/\\\/schema.org\",\"@graph\":[{\"@type\":\"WebPage\",\"@id\":\"https:\\\/\\\/covera.be\\\/fr\\\/a-propos-de-nous-2\\\/\",\"url\":\"https:\\\/\\\/covera.be\\\/fr\\\/a-propos-de-nous-2\\\/\",\"name\":\"\u00c0 propos de nous - Covera Packaging\",\"isPartOf\":{\"@id\":\"https:\\\/\\\/covera.be\\\/#website\"},\"primaryImageOfPage\":{\"@id\":\"https:\\\/\\\/covera.be\\\/fr\\\/a-propos-de-nous-2\\\/#primaryimage\"},\"image\":{\"@id\":\"https:\\\/\\\/covera.be\\\/fr\\\/a-propos-de-nous-2\\\/#primaryimage\"},\"thumbnailUrl\":\"https:\\\/\\\/covera.be\\\/wp-content\\\/uploads\\\/2022\\\/03\\\/Covera-verleden-300x207.jpg\",\"datePublished\":\"2019-07-25T11:11:50+00:00\",\"dateModified\":\"2025-09-23T08:07:07+00:00\",\"breadcrumb\":{\"@id\":\"https:\\\/\\\/covera.be\\\/fr\\\/a-propos-de-nous-2\\\/#breadcrumb\"},\"inLanguage\":\"fr-FR\",\"potentialAction\":[{\"@type\":\"ReadAction\",\"target\":[\"https:\\\/\\\/covera.be\\\/fr\\\/a-propos-de-nous-2\\\/\"]}]},{\"@type\":\"ImageObject\",\"inLanguage\":\"fr-FR\",\"@id\":\"https:\\\/\\\/covera.be\\\/fr\\\/a-propos-de-nous-2\\\/#primaryimage\",\"url\":\"https:\\\/\\\/covera.be\\\/wp-content\\\/uploads\\\/2022\\\/03\\\/Covera-verleden-300x207.jpg\",\"contentUrl\":\"https:\\\/\\\/covera.be\\\/wp-content\\\/uploads\\\/2022\\\/03\\\/Covera-verleden-300x207.jpg\"},{\"@type\":\"BreadcrumbList\",\"@id\":\"https:\\\/\\\/covera.be\\\/fr\\\/a-propos-de-nous-2\\\/#breadcrumb\",\"itemListElement\":[{\"@type\":\"ListItem\",\"position\":1,\"name\":\"Home\",\"item\":\"https:\\\/\\\/covera.be\\\/fr\\\/\"},{\"@type\":\"ListItem\",\"position\":2,\"name\":\"\u00c0 propos de nous\"}]},{\"@type\":\"WebSite\",\"@id\":\"https:\\\/\\\/covera.be\\\/#website\",\"url\":\"https:\\\/\\\/covera.be\\\/\",\"name\":\"Covera Packaging\",\"description\":\"Totaaloplossingen in verpakking\",\"publisher\":{\"@id\":\"https:\\\/\\\/covera.be\\\/#organization\"},\"potentialAction\":[{\"@type\":\"SearchAction\",\"target\":{\"@type\":\"EntryPoint\",\"urlTemplate\":\"https:\\\/\\\/covera.be\\\/?s={search_term_string}\"},\"query-input\":{\"@type\":\"PropertyValueSpecification\",\"valueRequired\":true,\"valueName\":\"search_term_string\"}}],\"inLanguage\":\"fr-FR\"},{\"@type\":\"Organization\",\"@id\":\"https:\\\/\\\/covera.be\\\/#organization\",\"name\":\"Covera packaging\",\"url\":\"https:\\\/\\\/covera.be\\\/\",\"logo\":{\"@type\":\"ImageObject\",\"inLanguage\":\"fr-FR\",\"@id\":\"https:\\\/\\\/covera.be\\\/#\\\/schema\\\/logo\\\/image\\\/\",\"url\":\"https:\\\/\\\/covera.be\\\/wp-content\\\/uploads\\\/2026\\\/04\\\/logo-new.png\",\"contentUrl\":\"https:\\\/\\\/covera.be\\\/wp-content\\\/uploads\\\/2026\\\/04\\\/logo-new.png\",\"width\":192,\"height\":59,\"caption\":\"Covera packaging\"},\"image\":{\"@id\":\"https:\\\/\\\/covera.be\\\/#\\\/schema\\\/logo\\\/image\\\/\"},\"sameAs\":[\"https:\\\/\\\/www.facebook.com\\\/Covera-Packaging-NV-494619153987806\\\/\",\"https:\\\/\\\/www.linkedin.com\\\/company\\\/covera-packaging\\\/\"]}]}<\/script>\n<!-- \/ Yoast SEO plugin. -->","yoast_head_json":{"title":"\u00c0 propos de nous - Covera Packaging","robots":{"index":"index","follow":"follow","max-snippet":"max-snippet:-1","max-image-preview":"max-image-preview:large","max-video-preview":"max-video-preview:-1"},"canonical":"https:\/\/covera.be\/fr\/a-propos-de-nous-2\/","og_locale":"fr_FR","og_type":"article","og_title":"\u00c0 propos de nous - Covera Packaging","og_description":"Shaping your story. Chez Covera Packaging, nous consid\u00e9rons qu&#8217;un emballage est bien plus qu&#8217;un simple contenant. C&#8217;est le d\u00e9but d&#8217;une histoire : celle de votre produit, de vos processus, de votre marque et de l&#8217;exp\u00e9rience de vos clients. Nous vous aidons \u00e0 raconter votre histoire unique gr\u00e2ce \u00e0 des solutions d&#8217;emballage adapt\u00e9es \u00e0 vos ambitions. &nbsp; Votre partenaire fiable en mati\u00e8re d&#8217;emballage depuis 1946 Covera Packaging a d\u00e9but\u00e9 comme une entreprise familiale \u00e0 Anvers sous le nom de Comptoir Verrier Anversois. Au cours de ses premi\u00e8res ann\u00e9es, l&#8217;entreprise fournissait principalement des bocaux en verre aux conserveurs de poisson des quais anversois. L&#8217;arriv\u00e9e du plastique dans les ann\u00e9es 1960 a marqu\u00e9 une \u00e9tape importante dans notre croissance. En adoptant rapidement cette innovation, nous avons pu servir non seulement l&#8217;industrie alimentaire, mais aussi de nombreux autres secteurs, comme la chimie, la pharmacie et les cosm\u00e9tiques. Aujourd&#8217;hui, nous sommes un &#8216;one-stop-shop&#8217; de premier plan pour les emballages dans diverses industries et nous livrons dans le monde entier. Notre march\u00e9 principal se trouve au Benelux et dans le nord de la France. &nbsp; Durabilit\u00e9 et partenariat Nous accordons une grande importance \u00e0 une utilisation rationnelle et durable des emballages. C&#8217;est la raison pour laquelle","og_url":"https:\/\/covera.be\/fr\/a-propos-de-nous-2\/","og_site_name":"Covera Packaging","article_publisher":"https:\/\/www.facebook.com\/Covera-Packaging-NV-494619153987806\/","article_modified_time":"2025-09-23T08:07:07+00:00","og_image":[{"width":665,"height":459,"url":"https:\/\/covera.be\/wp-content\/uploads\/2022\/03\/Covera-verleden.jpg","type":"image\/jpeg"}],"twitter_card":"summary_large_image","twitter_misc":{"Est. reading time":"3 minutes"},"schema":{"@context":"https:\/\/schema.org","@graph":[{"@type":"WebPage","@id":"https:\/\/covera.be\/fr\/a-propos-de-nous-2\/","url":"https:\/\/covera.be\/fr\/a-propos-de-nous-2\/","name":"\u00c0 propos de nous - Covera Packaging","isPartOf":{"@id":"https:\/\/covera.be\/#website"},"primaryImageOfPage":{"@id":"https:\/\/covera.be\/fr\/a-propos-de-nous-2\/#primaryimage"},"image":{"@id":"https:\/\/covera.be\/fr\/a-propos-de-nous-2\/#primaryimage"},"thumbnailUrl":"https:\/\/covera.be\/wp-content\/uploads\/2022\/03\/Covera-verleden-300x207.jpg","datePublished":"2019-07-25T11:11:50+00:00","dateModified":"2025-09-23T08:07:07+00:00","breadcrumb":{"@id":"https:\/\/covera.be\/fr\/a-propos-de-nous-2\/#breadcrumb"},"inLanguage":"fr-FR","potentialAction":[{"@type":"ReadAction","target":["https:\/\/covera.be\/fr\/a-propos-de-nous-2\/"]}]},{"@type":"ImageObject","inLanguage":"fr-FR","@id":"https:\/\/covera.be\/fr\/a-propos-de-nous-2\/#primaryimage","url":"https:\/\/covera.be\/wp-content\/uploads\/2022\/03\/Covera-verleden-300x207.jpg","contentUrl":"https:\/\/covera.be\/wp-content\/uploads\/2022\/03\/Covera-verleden-300x207.jpg"},{"@type":"BreadcrumbList","@id":"https:\/\/covera.be\/fr\/a-propos-de-nous-2\/#breadcrumb","itemListElement":[{"@type":"ListItem","position":1,"name":"Home","item":"https:\/\/covera.be\/fr\/"},{"@type":"ListItem","position":2,"name":"\u00c0 propos de nous"}]},{"@type":"WebSite","@id":"https:\/\/covera.be\/#website","url":"https:\/\/covera.be\/","name":"Covera Packaging","description":"Totaaloplossingen in verpakking","publisher":{"@id":"https:\/\/covera.be\/#organization"},"potentialAction":[{"@type":"SearchAction","target":{"@type":"EntryPoint","urlTemplate":"https:\/\/covera.be\/?s={search_term_string}"},"query-input":{"@type":"PropertyValueSpecification","valueRequired":true,"valueName":"search_term_string"}}],"inLanguage":"fr-FR"},{"@type":"Organization","@id":"https:\/\/covera.be\/#organization","name":"Covera packaging","url":"https:\/\/covera.be\/","logo":{"@type":"ImageObject","inLanguage":"fr-FR","@id":"https:\/\/covera.be\/#\/schema\/logo\/image\/","url":"https:\/\/covera.be\/wp-content\/uploads\/2026\/04\/logo-new.png","contentUrl":"https:\/\/covera.be\/wp-content\/uploads\/2026\/04\/logo-new.png","width":192,"height":59,"caption":"Covera packaging"},"image":{"@id":"https:\/\/covera.be\/#\/schema\/logo\/image\/"},"sameAs":["https:\/\/www.facebook.com\/Covera-Packaging-NV-494619153987806\/","https:\/\/www.linkedin.com\/company\/covera-packaging\/"]}]}},"_links":{"self":[{"href":"https:\/\/covera.be\/fr\/wp-json\/wp\/v2\/pages\/10717","targetHints":{"allow":["GET"]}}],"collection":[{"href":"https:\/\/covera.be\/fr\/wp-json\/wp\/v2\/pages"}],"about":[{"href":"https:\/\/covera.be\/fr\/wp-json\/wp\/v2\/types\/page"}],"author":[{"embeddable":true,"href":"https:\/\/covera.be\/fr\/wp-json\/wp\/v2\/users\/4"}],"replies":[{"embeddable":true,"href":"https:\/\/covera.be\/fr\/wp-json\/wp\/v2\/comments?post=10717"}],"version-history":[{"count":11,"href":"https:\/\/covera.be\/fr\/wp-json\/wp\/v2\/pages\/10717\/revisions"}],"predecessor-version":[{"id":16385,"href":"https:\/\/covera.be\/fr\/wp-json\/wp\/v2\/pages\/10717\/revisions\/16385"}],"wp:attachment":[{"href":"https:\/\/covera.be\/fr\/wp-json\/wp\/v2\/media?parent=10717"}],"curies":[{"name":"wp","href":"https:\/\/api.w.org\/{rel}","templated":true}]}}